{"id":517,"date":"2025-09-20T09:19:01","date_gmt":"2025-09-20T07:19:01","guid":{"rendered":"https:\/\/histoiredebrique.fr\/?page_id=517"},"modified":"2025-09-20T09:19:01","modified_gmt":"2025-09-20T07:19:01","slug":"les-expositions","status":"publish","type":"page","link":"https:\/\/histoiredebrique.fr\/?page_id=517","title":{"rendered":"Les expositions"},"content":{"rendered":"\t\t\t<!-- Cool Timeline Free V3.4.0 -->\n\t\t\t<div class=\"ctl-wrapper\" role=\"region\" aria-label=\"Timeline\">\n\t\t\t\t\t\t\t\t<div id=\"cool_timeline_1\" class=\"cool-timeline-wrapper ctl-both-sided ctl-vertical-wrapper\" >\n\t\t\t\t\t<div class=\"ctl-start\"><\/div>\n\t\t\t\t\t<!-- Timeline Container -->\n\t\t\t\t\t<div class=\"ctl-timeline ctl-timeline-container\" data-animation=\"none\">\n\t\t\t\t\t\t<!-- Center Line -->\n\t\t\t\t\t\t<div class=\"ctl-inner-line\" role=\"presentation\"><\/div>\n\t\t\t\t\t\t\t\t\t\t\t\t<!-- Story Year Section --><div data-cls=\"sc-nv-light vertical\" class=\"timeline-year scrollable-section ctl-year ctl-year-container light-year\" data-section-title=\"2026\" id=\"year-2026\"><div class=\"ctl-year-label ctl-year-text\"><span>2026<\/span><\/div><\/div><!-- Timeline Content --><div  id=\"ctl-story-943\" class=\"ctl-story ctl-story-dot-icon odd ctl-story-right\" data-aos=\"none\"   data-story-index=\"1\" role=\"article\"><!-- Story Date --><div class=\"ctl-labels\"><div class=\"ctl-label-big story-date\">mars 28<\/div><\/div><!-- Story IconDot --><div class=\"ctl-icondot\"><\/div><!-- Story Arrow --><div class=\"ctl-arrow\"><\/div><!-- Story Content --><div class=\"ctl-content\"><!-- Story Title --><div class=\"ctl-title story-943\" aria-label=\"2\"><a target=\"_self\" title=\"La Verrie 2026\" href=\"https:\/\/histoiredebrique.fr\/?cool_timeline=la-verrie-2026\" class=\"story-link\">La Verrie 2026<\/a><\/div><!-- Story Media --><div class=\"ctl-media full\"><a data-glightbox=\"La Verrie 2026\" href=\"https:\/\/histoiredebrique.fr\/wp-content\/uploads\/2026\/05\/affiche-la-verrie.jpg\" class=\"ctl_glightbox\"><a href=\"https:\/\/histoiredebrique.fr\/?cool_timeline=la-verrie-2026\" title=\"La Verrie 2026\"><img loading=\"lazy\" decoding=\"async\" width=\"510\" height=\"720\" src=\"https:\/\/histoiredebrique.fr\/wp-content\/uploads\/2026\/05\/affiche-la-verrie.jpg\" class=\"story-img wp-post-image\" alt=\"La Verrie 2026\" srcset=\"https:\/\/histoiredebrique.fr\/wp-content\/uploads\/2026\/05\/affiche-la-verrie.jpg 510w, https:\/\/histoiredebrique.fr\/wp-content\/uploads\/2026\/05\/affiche-la-verrie-213x300.jpg 213w, https:\/\/histoiredebrique.fr\/wp-content\/uploads\/2026\/05\/affiche-la-verrie-106x150.jpg 106w\" sizes=\"auto, (max-width: 510px) 100vw, 510px\" \/><\/a><\/a><\/div><!-- Story Description --><div class=\"ctl-description\"><p>Verrie Fou 2 Brick : un week-end LEGO qui a rassembl\u00e9 1200 visiteurs \u00e0 La Verrie Les 28 et 29 mars 2026, la Salle des Noues \u00e0 La Verrie s\u2019est transform\u00e9e en immense terrain de jeu pour les passionn\u00e9s de LEGO \u00e0 l\u2019occasion de la deuxi\u00e8me \u00e9dition de\u00a0Verrie Fou 2&hellip;<a class=\"read_more ctl_read_more\" target=\"_self\" href=\"https:\/\/histoiredebrique.fr\/?cool_timeline=la-verrie-2026\" role=\"link\">Lire la suite<\/a><\/p>\n<\/div><\/div><\/div><!-- Story Year Section --><div data-cls=\"sc-nv-light vertical\" class=\"timeline-year scrollable-section ctl-year ctl-year-container light-year\" data-section-title=\"2025\" id=\"year-2025\"><div class=\"ctl-year-label ctl-year-text\"><span>2025<\/span><\/div><\/div><!-- Timeline Content --><div  id=\"ctl-story-773\" class=\"ctl-story ctl-story-dot-icon even ctl-story-left\" data-aos=\"none\"   data-story-index=\"2\" role=\"article\"><!-- Story Date --><div class=\"ctl-labels\"><div class=\"ctl-label-big story-date\">novembre 22<\/div><\/div><!-- Story IconDot --><div class=\"ctl-icondot\"><\/div><!-- Story Arrow --><div class=\"ctl-arrow\"><\/div><!-- Story Content --><div class=\"ctl-content\"><!-- Story Title --><div class=\"ctl-title story-773\" aria-label=\"2\"><a target=\"_self\" title=\"Combourg 2025\" href=\"https:\/\/histoiredebrique.fr\/?cool_timeline=combourg-2025\" class=\"story-link\">Combourg 2025<\/a><\/div><!-- Story Media --><div class=\"ctl-media full\"><a data-glightbox=\"Combourg 2025\" href=\"https:\/\/histoiredebrique.fr\/wp-content\/uploads\/2025\/12\/affiche-combourg-11-2025.jpeg\" class=\"ctl_glightbox\"><a href=\"https:\/\/histoiredebrique.fr\/?cool_timeline=combourg-2025\" title=\"Combourg 2025\"><img loading=\"lazy\" decoding=\"async\" width=\"724\" height=\"1024\" src=\"https:\/\/histoiredebrique.fr\/wp-content\/uploads\/2025\/12\/affiche-combourg-11-2025-724x1024.jpeg\" class=\"story-img wp-post-image\" alt=\"Combourg 2025\" srcset=\"https:\/\/histoiredebrique.fr\/wp-content\/uploads\/2025\/12\/affiche-combourg-11-2025-724x1024.jpeg 724w, https:\/\/histoiredebrique.fr\/wp-content\/uploads\/2025\/12\/affiche-combourg-11-2025-212x300.jpeg 212w, https:\/\/histoiredebrique.fr\/wp-content\/uploads\/2025\/12\/affiche-combourg-11-2025-768x1086.jpeg 768w, https:\/\/histoiredebrique.fr\/wp-content\/uploads\/2025\/12\/affiche-combourg-11-2025-1086x1536.jpeg 1086w, https:\/\/histoiredebrique.fr\/wp-content\/uploads\/2025\/12\/affiche-combourg-11-2025-106x150.jpeg 106w, https:\/\/histoiredebrique.fr\/wp-content\/uploads\/2025\/12\/affiche-combourg-11-2025.jpeg 1131w\" sizes=\"auto, (max-width: 724px) 100vw, 724px\" \/><\/a><\/a><\/div><!-- Story Description --><div class=\"ctl-description\"><p>Une premi\u00e8re \u00e9dition solidaire et triomphale Les 22 et 23 Niovembre 2025, la premi\u00e8re \u00e9dition de Combourg Bricks. Cette exposition est n\u00e9 d\u2019une rencontre : celle d\u2019Orane Th\u00e9ry, pr\u00e9sidente de\u00a0L\u2019AmySpin, avec\u00a0Ludovic Lesaffre\u00a0et\u00a0Nicolas Landr\u00e9\u00a0de l\u2019association\u00a0Breizh Bricks. Touch\u00e9s par l\u2019histoire de\u00a0Baptiste, 8 ans, atteint d\u2019une maladie neuromusculaire d\u00e9g\u00e9n\u00e9rative, tous trois ont imagin\u00e9&hellip;<a class=\"read_more ctl_read_more\" target=\"_self\" href=\"https:\/\/histoiredebrique.fr\/?cool_timeline=combourg-2025\" role=\"link\">Lire la suite<\/a><\/p>\n<\/div><\/div><\/div><!-- Timeline Content --><div  id=\"ctl-story-625\" class=\"ctl-story ctl-story-dot-icon odd ctl-story-right\" data-aos=\"none\"   data-story-index=\"3\" role=\"article\"><!-- Story Date --><div class=\"ctl-labels\"><div class=\"ctl-label-big story-date\">octobre 12<\/div><\/div><!-- Story IconDot --><div class=\"ctl-icondot\"><\/div><!-- Story Arrow --><div class=\"ctl-arrow\"><\/div><!-- Story Content --><div class=\"ctl-content\"><!-- Story Title --><div class=\"ctl-title story-625\" aria-label=\"2\"><a target=\"_self\" title=\"Yvr\u00e9 en Briques 2025\" href=\"https:\/\/histoiredebrique.fr\/?cool_timeline=yvre-en-briques-2025\" class=\"story-link\">Yvr\u00e9 en Briques 2025<\/a><\/div><!-- Story Media --><div class=\"ctl-media full\"><a data-glightbox=\"Yvr\u00e9 en Briques 2025\" href=\"https:\/\/histoiredebrique.fr\/wp-content\/uploads\/2025\/08\/Affiche-YVRE-EN-BRIQUES-11-et-12-OCTOBRE-2025.jpg\" class=\"ctl_glightbox\"><a href=\"https:\/\/histoiredebrique.fr\/?cool_timeline=yvre-en-briques-2025\" title=\"Yvr\u00e9 en Briques 2025\"><img loading=\"lazy\" decoding=\"async\" width=\"715\" height=\"1024\" src=\"https:\/\/histoiredebrique.fr\/wp-content\/uploads\/2025\/08\/Affiche-YVRE-EN-BRIQUES-11-et-12-OCTOBRE-2025-715x1024.jpg\" class=\"story-img wp-post-image\" alt=\"Yvr\u00e9 en Briques 2025\" srcset=\"https:\/\/histoiredebrique.fr\/wp-content\/uploads\/2025\/08\/Affiche-YVRE-EN-BRIQUES-11-et-12-OCTOBRE-2025-715x1024.jpg 715w, https:\/\/histoiredebrique.fr\/wp-content\/uploads\/2025\/08\/Affiche-YVRE-EN-BRIQUES-11-et-12-OCTOBRE-2025-210x300.jpg 210w, https:\/\/histoiredebrique.fr\/wp-content\/uploads\/2025\/08\/Affiche-YVRE-EN-BRIQUES-11-et-12-OCTOBRE-2025-768x1100.jpg 768w, https:\/\/histoiredebrique.fr\/wp-content\/uploads\/2025\/08\/Affiche-YVRE-EN-BRIQUES-11-et-12-OCTOBRE-2025-1073x1536.jpg 1073w, https:\/\/histoiredebrique.fr\/wp-content\/uploads\/2025\/08\/Affiche-YVRE-EN-BRIQUES-11-et-12-OCTOBRE-2025-105x150.jpg 105w, https:\/\/histoiredebrique.fr\/wp-content\/uploads\/2025\/08\/Affiche-YVRE-EN-BRIQUES-11-et-12-OCTOBRE-2025.jpg 1225w\" sizes=\"auto, (max-width: 715px) 100vw, 715px\" \/><\/a><\/a><\/div><!-- Story Description --><div class=\"ctl-description\"><p>Les 11 et 12 octobre, la 6e \u00e9dition d\u2019Yvr\u00e9 en Briques a r\u00e9uni plus de 6 000 visiteurs, un record pour l\u2019\u00e9v\u00e9nement.Arriv\u00e9 d\u00e8s le vendredi, j\u2019ai install\u00e9 mon diorama de 4,26 m sur 1,02 m, pr\u00eat pour deux jours d\u2019\u00e9changes passionn\u00e9s. Le samedi, plus de 2 300 visiteurs ont d\u00e9couvert&hellip;<a class=\"read_more ctl_read_more\" target=\"_self\" href=\"https:\/\/histoiredebrique.fr\/?cool_timeline=yvre-en-briques-2025\" role=\"link\">Lire la suite<\/a><\/p>\n<\/div><\/div><\/div><!-- Timeline Content --><div  id=\"ctl-story-516\" class=\"ctl-story ctl-story-dot-icon even ctl-story-left\" data-aos=\"none\"   data-story-index=\"4\" role=\"article\"><!-- Story Date --><div class=\"ctl-labels\"><div class=\"ctl-label-big story-date\">mai 24<\/div><\/div><!-- Story IconDot --><div class=\"ctl-icondot\"><\/div><!-- Story Arrow --><div class=\"ctl-arrow\"><\/div><!-- Story Content --><div class=\"ctl-content\"><!-- Story Title --><div class=\"ctl-title story-516\" aria-label=\"2\"><a target=\"_self\" title=\"Pac\u00e9 24 et 25 Mai 2025\" href=\"https:\/\/histoiredebrique.fr\/?cool_timeline=pace-24-et-25-mai-2025\" class=\"story-link\">Pac\u00e9 24 et 25 Mai 2025<\/a><\/div><!-- Story Media --><div class=\"ctl-media full\"><a data-glightbox=\"Pac\u00e9 24 et 25 Mai 2025\" href=\"https:\/\/histoiredebrique.fr\/wp-content\/uploads\/2025\/05\/exposition-pace-mai-2025.jpg\" class=\"ctl_glightbox\"><a href=\"https:\/\/histoiredebrique.fr\/?cool_timeline=pace-24-et-25-mai-2025\" title=\"Pac\u00e9 24 et 25 Mai 2025\"><img loading=\"lazy\" decoding=\"async\" width=\"724\" height=\"1024\" src=\"https:\/\/histoiredebrique.fr\/wp-content\/uploads\/2025\/05\/exposition-pace-mai-2025-724x1024.jpg\" class=\"story-img wp-post-image\" alt=\"Pac\u00e9 24 et 25 Mai 2025\" srcset=\"https:\/\/histoiredebrique.fr\/wp-content\/uploads\/2025\/05\/exposition-pace-mai-2025-724x1024.jpg 724w, https:\/\/histoiredebrique.fr\/wp-content\/uploads\/2025\/05\/exposition-pace-mai-2025-212x300.jpg 212w, https:\/\/histoiredebrique.fr\/wp-content\/uploads\/2025\/05\/exposition-pace-mai-2025-768x1086.jpg 768w, https:\/\/histoiredebrique.fr\/wp-content\/uploads\/2025\/05\/exposition-pace-mai-2025-1086x1536.jpg 1086w, https:\/\/histoiredebrique.fr\/wp-content\/uploads\/2025\/05\/exposition-pace-mai-2025-106x150.jpg 106w, https:\/\/histoiredebrique.fr\/wp-content\/uploads\/2025\/05\/exposition-pace-mai-2025.jpg 1414w\" sizes=\"auto, (max-width: 724px) 100vw, 724px\" \/><\/a><\/a><\/div><!-- Story Description --><div class=\"ctl-description\"><p>Ce week-end, la MJC de Pac\u00e9 s\u2019est transform\u00e9e en v\u00e9ritable royaume de briques \u00e0 l\u2019occasion de l\u2019exposition LEGO organis\u00e9e par\u00a0Breizh Bricks. Pendant deux jours,\u00a0pr\u00e8s de 1 000 visiteurs\u00a0sont venus d\u00e9couvrir l\u2019univers color\u00e9, cr\u00e9atif et passionn\u00e9 de nos exposants, venus de toute la r\u00e9gion. Des dioramas Star Wars aux villages m\u00e9di\u00e9vaux,&hellip;<a class=\"read_more ctl_read_more\" target=\"_self\" href=\"https:\/\/histoiredebrique.fr\/?cool_timeline=pace-24-et-25-mai-2025\" role=\"link\">Lire la suite<\/a><\/p>\n<\/div><\/div><\/div><!-- Timeline Content --><div  id=\"ctl-story-285\" class=\"ctl-story ctl-story-dot-icon odd ctl-story-right\" data-aos=\"none\"   data-story-index=\"5\" role=\"article\"><!-- Story Date --><div class=\"ctl-labels\"><div class=\"ctl-label-big story-date\">mars 8<\/div><\/div><!-- Story IconDot --><div class=\"ctl-icondot\"><\/div><!-- Story Arrow --><div class=\"ctl-arrow\"><\/div><!-- Story Content --><div class=\"ctl-content\"><!-- Story Title --><div class=\"ctl-title story-285\" aria-label=\"2\"><a target=\"_self\" title=\"Exposition BRETEIL 8 et 9 MARS 2025\" href=\"https:\/\/histoiredebrique.fr\/?cool_timeline=exposition-breteil-8-et-9-mars-2025\" class=\"story-link\">Exposition BRETEIL 8 et 9 MARS 2025<\/a><\/div><!-- Story Media --><div class=\"ctl-media full\"><a data-glightbox=\"Exposition BRETEIL 8 et 9 MARS 2025\" href=\"https:\/\/histoiredebrique.fr\/wp-content\/uploads\/2025\/03\/exposition-breteil-mars-2025-csutoros-1000005693.jpg\" class=\"ctl_glightbox\"><a href=\"https:\/\/histoiredebrique.fr\/?cool_timeline=exposition-breteil-8-et-9-mars-2025\" title=\"Exposition BRETEIL 8 et 9 MARS 2025\"><img loading=\"lazy\" decoding=\"async\" width=\"900\" height=\"675\" src=\"https:\/\/histoiredebrique.fr\/wp-content\/uploads\/2025\/03\/exposition-breteil-mars-2025-csutoros-1000005693-1024x768.jpg\" class=\"story-img wp-post-image\" alt=\"Exposition BRETEIL 8 et 9 MARS 2025\" srcset=\"https:\/\/histoiredebrique.fr\/wp-content\/uploads\/2025\/03\/exposition-breteil-mars-2025-csutoros-1000005693-1024x768.jpg 1024w, https:\/\/histoiredebrique.fr\/wp-content\/uploads\/2025\/03\/exposition-breteil-mars-2025-csutoros-1000005693-300x225.jpg 300w, https:\/\/histoiredebrique.fr\/wp-content\/uploads\/2025\/03\/exposition-breteil-mars-2025-csutoros-1000005693-768x576.jpg 768w, https:\/\/histoiredebrique.fr\/wp-content\/uploads\/2025\/03\/exposition-breteil-mars-2025-csutoros-1000005693-1536x1152.jpg 1536w, https:\/\/histoiredebrique.fr\/wp-content\/uploads\/2025\/03\/exposition-breteil-mars-2025-csutoros-1000005693-150x113.jpg 150w, https:\/\/histoiredebrique.fr\/wp-content\/uploads\/2025\/03\/exposition-breteil-mars-2025-csutoros-1000005693.jpg 2048w\" sizes=\"auto, (max-width: 900px) 100vw, 900px\" \/><\/a><\/a><\/div><!-- Story Description --><div class=\"ctl-description\"><p>C&#8217;\u00e9tait ma premi\u00e8re exposition et que du bonheur. J&#8217;ai tout d&#8217;abord d\u00fb modifier mon diorama de la ville d&#8217;Eibon afin de pouvoir la d\u00e9monter et la transporter. J&#8217;ai donc d\u00e9couper la ville par plaque de 32&#215;32,mais j&#8217;ai d\u00fb aussi revoir les am\u00e9nagements, bref un travail de longue haleine. Une fois&hellip;<a class=\"read_more ctl_read_more\" target=\"_self\" href=\"https:\/\/histoiredebrique.fr\/?cool_timeline=exposition-breteil-8-et-9-mars-2025\" role=\"link\">Lire la suite<\/a><\/p>\n<\/div><\/div><\/div>\t\t\t\t\t<\/div>\n\t\t\t\t\t<div class=\"ctl-end\"><\/div>\n\t\t\t\t\t\t\t\t\t<\/div>\n\t\t\t<\/div>\n\t\t\t","protected":false},"excerpt":{"rendered":"<p> <a class=\"continue-reading-link\" href=\"https:\/\/histoiredebrique.fr\/?cool_timeline=exposition-breteil-8-et-9-mars-2025\"><span>Lire la suite&#8230;<\/span><i class=\"crycon-right-dir\"><\/i><\/a> <\/p>\n","protected":false},"author":1,"featured_media":0,"parent":0,"menu_order":0,"comment_status":"closed","ping_status":"closed","template":"","meta":{"footnotes":""},"class_list":["post-517","page","type-page","status-publish","hentry"],"_links":{"self":[{"href":"https:\/\/histoiredebrique.fr\/index.php?rest_route=\/wp\/v2\/pages\/517","targetHints":{"allow":["GET"]}}],"collection":[{"href":"https:\/\/histoiredebrique.fr\/index.php?rest_route=\/wp\/v2\/pages"}],"about":[{"href":"https:\/\/histoiredebrique.fr\/index.php?rest_route=\/wp\/v2\/types\/page"}],"author":[{"embeddable":true,"href":"https:\/\/histoiredebrique.fr\/index.php?rest_route=\/wp\/v2\/users\/1"}],"replies":[{"embeddable":true,"href":"https:\/\/histoiredebrique.fr\/index.php?rest_route=%2Fwp%2Fv2%2Fcomments&post=517"}],"version-history":[{"count":1,"href":"https:\/\/histoiredebrique.fr\/index.php?rest_route=\/wp\/v2\/pages\/517\/revisions"}],"predecessor-version":[{"id":518,"href":"https:\/\/histoiredebrique.fr\/index.php?rest_route=\/wp\/v2\/pages\/517\/revisions\/518"}],"wp:attachment":[{"href":"https:\/\/histoiredebrique.fr\/index.php?rest_route=%2Fwp%2Fv2%2Fmedia&parent=517"}],"curies":[{"name":"wp","href":"https:\/\/api.w.org\/{rel}","templated":true}]}}